{"id":15,"date":"2016-06-23T07:44:55","date_gmt":"2016-06-23T06:44:55","guid":{"rendered":"http:\/\/altopo.si\/?page_id=15"},"modified":"2018-08-24T19:55:29","modified_gmt":"2018-08-24T17:55:29","slug":"fotogalerija","status":"publish","type":"page","link":"https:\/\/altopo.si\/index.php\/fotogalerija\/","title":{"rendered":"Sardinija in Korzika 2018 &#8211; fotogalerija"},"content":{"rendered":"\n\t\t<style type=\"text\/css\">\n\t\t\t#gallery-1 {\n\t\t\t\tmargin: auto;\n\t\t\t}\n\t\t\t#gallery-1 .gallery-item {\n\t\t\t\tfloat: left;\n\t\t\t\tmargin-top: 10px;\n\t\t\t\ttext-align: center;\n\t\t\t\twidth: 50%;\n\t\t\t}\n\t\t\t#gallery-1 img {\n\t\t\t\tborder: 2px solid #cfcfcf;\n\t\t\t}\n\t\t\t#gallery-1 .gallery-caption {\n\t\t\t\tmargin-left: 0;\n\t\t\t}\n\t\t\t\/* see gallery_shortcode() in wp-includes\/media.php *\/\n\t\t<\/style>\n\t\t<div id='gallery-1' class='gallery galleryid-15 gallery-columns-2 gallery-size-large'><dl class='gallery-item'>\n\t\t\t<dt class='gallery-icon landscape'>\n\t\t\t\t<a href='https:\/\/altopo.si\/index.php\/2018\/06\/27\/la-calleta-torek-26-6-cetrtek-28-6\/dscn1329\/'><img width=\"960\" height=\"592\" src=\"https:\/\/altopo.si\/wp-content\/uploads\/2018\/06\/DSCN1329-1024x631.jpg\" class=\"attachment-large size-large\" alt=\"\" decoding=\"async\" loading=\"lazy\" aria-describedby=\"gallery-1-840\" srcset=\"https:\/\/altopo.si\/wp-content\/uploads\/2018\/06\/DSCN1329-1024x631.jpg 1024w, https:\/\/altopo.si\/wp-content\/uploads\/2018\/06\/DSCN1329-300x185.jpg 300w, https:\/\/altopo.si\/wp-content\/uploads\/2018\/06\/DSCN1329-768x473.jpg 768w\" sizes=\"(max-width: 960px) 100vw, 960px\" \/><\/a>\n\t\t\t<\/dt>\n\t\t\t\t<dd class='wp-caption-text gallery-caption' id='gallery-1-840'>\n\t\t\t\tvalobran marine La Caletta\n\t\t\t\t<\/dd><\/dl><dl class='gallery-item'>\n\t\t\t<dt class='gallery-icon landscape'>\n\t\t\t\t<a href='https:\/\/altopo.si\/index.php\/2018\/06\/27\/la-calleta-torek-26-6-cetrtek-28-6\/20180625_165941\/'><img width=\"960\" height=\"720\" src=\"https:\/\/altopo.si\/wp-content\/uploads\/2018\/06\/20180625_165941-1024x768.jpg\" class=\"attachment-large size-large\" alt=\"\" decoding=\"async\" loading=\"lazy\" aria-describedby=\"gallery-1-839\" srcset=\"https:\/\/altopo.si\/wp-content\/uploads\/2018\/06\/20180625_165941-1024x768.jpg 1024w, https:\/\/altopo.si\/wp-content\/uploads\/2018\/06\/20180625_165941-300x225.jpg 300w, https:\/\/altopo.si\/wp-content\/uploads\/2018\/06\/20180625_165941-768x576.jpg 768w, https:\/\/altopo.si\/wp-content\/uploads\/2018\/06\/20180625_165941-320x240.jpg 320w\" sizes=\"(max-width: 960px) 100vw, 960px\" \/><\/a>\n\t\t\t<\/dt>\n\t\t\t\t<dd class='wp-caption-text gallery-caption' id='gallery-1-839'>\n\t\t\t\tvalobran marine La Caletta\n\t\t\t\t<\/dd><\/dl><br style=\"clear: both\" \/><dl class='gallery-item'>\n\t\t\t<dt class='gallery-icon landscape'>\n\t\t\t\t<a href='https:\/\/altopo.si\/index.php\/2018\/06\/27\/la-calleta-torek-26-6-cetrtek-28-6\/dscn1340\/'><img width=\"960\" height=\"541\" src=\"https:\/\/altopo.si\/wp-content\/uploads\/2018\/06\/DSCN1340-1024x577.jpg\" class=\"attachment-large size-large\" alt=\"\" decoding=\"async\" loading=\"lazy\" aria-describedby=\"gallery-1-838\" srcset=\"https:\/\/altopo.si\/wp-content\/uploads\/2018\/06\/DSCN1340-1024x577.jpg 1024w, https:\/\/altopo.si\/wp-content\/uploads\/2018\/06\/DSCN1340-300x169.jpg 300w, https:\/\/altopo.si\/wp-content\/uploads\/2018\/06\/DSCN1340-768x433.jpg 768w\" sizes=\"(max-width: 960px) 100vw, 960px\" \/><\/a>\n\t\t\t<\/dt>\n\t\t\t\t<dd class='wp-caption-text gallery-caption' id='gallery-1-838'>\n\t\t\t\tvalobran marine La Caletta\n\t\t\t\t<\/dd><\/dl><dl class='gallery-item'>\n\t\t\t<dt class='gallery-icon landscape'>\n\t\t\t\t<a href='https:\/\/altopo.si\/index.php\/2018\/06\/27\/la-calleta-torek-26-6-cetrtek-28-6\/dscn1343\/'><img width=\"960\" height=\"541\" src=\"https:\/\/altopo.si\/wp-content\/uploads\/2018\/06\/DSCN1343-1024x577.jpg\" class=\"attachment-large size-large\" alt=\"\" decoding=\"async\" loading=\"lazy\" aria-describedby=\"gallery-1-837\" srcset=\"https:\/\/altopo.si\/wp-content\/uploads\/2018\/06\/DSCN1343-1024x577.jpg 1024w, https:\/\/altopo.si\/wp-content\/uploads\/2018\/06\/DSCN1343-300x169.jpg 300w, https:\/\/altopo.si\/wp-content\/uploads\/2018\/06\/DSCN1343-768x433.jpg 768w\" sizes=\"(max-width: 960px) 100vw, 960px\" \/><\/a>\n\t\t\t<\/dt>\n\t\t\t\t<dd class='wp-caption-text gallery-caption' id='gallery-1-837'>\n\t\t\t\tvalobran marine La Caletta\n\t\t\t\t<\/dd><\/dl><br style=\"clear: both\" \/><dl class='gallery-item'>\n\t\t\t<dt class='gallery-icon landscape'>\n\t\t\t\t<a href='https:\/\/altopo.si\/index.php\/2018\/06\/27\/la-calleta-torek-26-6-cetrtek-28-6\/dscn1348\/'><img width=\"960\" height=\"950\" src=\"https:\/\/altopo.si\/wp-content\/uploads\/2018\/06\/DSCN1348-1024x1013.jpg\" class=\"attachment-large size-large\" alt=\"\" decoding=\"async\" loading=\"lazy\" aria-describedby=\"gallery-1-836\" srcset=\"https:\/\/altopo.si\/wp-content\/uploads\/2018\/06\/DSCN1348-1024x1013.jpg 1024w, https:\/\/altopo.si\/wp-content\/uploads\/2018\/06\/DSCN1348-300x297.jpg 300w, https:\/\/altopo.si\/wp-content\/uploads\/2018\/06\/DSCN1348-768x760.jpg 768w, https:\/\/altopo.si\/wp-content\/uploads\/2018\/06\/DSCN1348-65x65.jpg 65w, https:\/\/altopo.si\/wp-content\/uploads\/2018\/06\/DSCN1348-50x50.jpg 50w, https:\/\/altopo.si\/wp-content\/uploads\/2018\/06\/DSCN1348.jpg 2000w\" sizes=\"(max-width: 960px) 100vw, 960px\" \/><\/a>\n\t\t\t<\/dt>\n\t\t\t\t<dd class='wp-caption-text gallery-caption' id='gallery-1-836'>\n\t\t\t\tvalobran marine La Caletta\n\t\t\t\t<\/dd><\/dl><dl class='gallery-item'>\n\t\t\t<dt class='gallery-icon landscape'>\n\t\t\t\t<a href='https:\/\/altopo.si\/index.php\/2018\/06\/27\/la-calleta-torek-26-6-cetrtek-28-6\/dscn1357\/'><img width=\"960\" height=\"711\" src=\"https:\/\/altopo.si\/wp-content\/uploads\/2018\/06\/DSCN1357-1024x758.jpg\" class=\"attachment-large size-large\" alt=\"\" decoding=\"async\" loading=\"lazy\" aria-describedby=\"gallery-1-835\" srcset=\"https:\/\/altopo.si\/wp-content\/uploads\/2018\/06\/DSCN1357-1024x758.jpg 1024w, https:\/\/altopo.si\/wp-content\/uploads\/2018\/06\/DSCN1357-300x222.jpg 300w, https:\/\/altopo.si\/wp-content\/uploads\/2018\/06\/DSCN1357-768x568.jpg 768w\" sizes=\"(max-width: 960px) 100vw, 960px\" \/><\/a>\n\t\t\t<\/dt>\n\t\t\t\t<dd class='wp-caption-text gallery-caption' id='gallery-1-835'>\n\t\t\t\tLa Ca\u010detta\n\t\t\t\t<\/dd><\/dl><br style=\"clear: both\" \/><dl class='gallery-item'>\n\t\t\t<dt class='gallery-icon portrait'>\n\t\t\t\t<a href='https:\/\/altopo.si\/index.php\/2018\/06\/27\/la-calleta-torek-26-6-cetrtek-28-6\/dscn1354\/'><img width=\"960\" height=\"964\" src=\"https:\/\/altopo.si\/wp-content\/uploads\/2018\/06\/DSCN1354-1020x1024.jpg\" class=\"attachment-large size-large\" alt=\"\" decoding=\"async\" loading=\"lazy\" aria-describedby=\"gallery-1-834\" srcset=\"https:\/\/altopo.si\/wp-content\/uploads\/2018\/06\/DSCN1354-1020x1024.jpg 1020w, https:\/\/altopo.si\/wp-content\/uploads\/2018\/06\/DSCN1354-150x150.jpg 150w, https:\/\/altopo.si\/wp-content\/uploads\/2018\/06\/DSCN1354-300x300.jpg 300w, https:\/\/altopo.si\/wp-content\/uploads\/2018\/06\/DSCN1354-768x771.jpg 768w, https:\/\/altopo.si\/wp-content\/uploads\/2018\/06\/DSCN1354-65x65.jpg 65w, https:\/\/altopo.si\/wp-content\/uploads\/2018\/06\/DSCN1354-50x50.jpg 50w, https:\/\/altopo.si\/wp-content\/uploads\/2018\/06\/DSCN1354.jpg 1992w\" sizes=\"(max-width: 960px) 100vw, 960px\" \/><\/a>\n\t\t\t<\/dt>\n\t\t\t\t<dd class='wp-caption-text gallery-caption' id='gallery-1-834'>\n\t\t\t\tMojster je odpeljal motor in obljubil, da bo jutri popravljen.\n\t\t\t\t<\/dd><\/dl><dl class='gallery-item'>\n\t\t\t<dt class='gallery-icon portrait'>\n\t\t\t\t<a href='https:\/\/altopo.si\/index.php\/2018\/06\/27\/la-calleta-torek-26-6-cetrtek-28-6\/20180626_154410_001\/'><img width=\"680\" height=\"1024\" src=\"https:\/\/altopo.si\/wp-content\/uploads\/2018\/06\/20180626_154410_001-680x1024.jpg\" class=\"attachment-large size-large\" alt=\"\" decoding=\"async\" loading=\"lazy\" aria-describedby=\"gallery-1-833\" srcset=\"https:\/\/altopo.si\/wp-content\/uploads\/2018\/06\/20180626_154410_001-680x1024.jpg 680w, https:\/\/altopo.si\/wp-content\/uploads\/2018\/06\/20180626_154410_001-199x300.jpg 199w, https:\/\/altopo.si\/wp-content\/uploads\/2018\/06\/20180626_154410_001-768x1156.jpg 768w, https:\/\/altopo.si\/wp-content\/uploads\/2018\/06\/20180626_154410_001.jpg 1661w\" sizes=\"(max-width: 680px) 100vw, 680px\" \/><\/a>\n\t\t\t<\/dt>\n\t\t\t\t<dd class='wp-caption-text gallery-caption' id='gallery-1-833'>\n\t\t\t\tla Caletta\n\t\t\t\t<\/dd><\/dl><br style=\"clear: both\" \/><dl class='gallery-item'>\n\t\t\t<dt class='gallery-icon landscape'>\n\t\t\t\t<a href='https:\/\/altopo.si\/index.php\/2018\/06\/25\/ponedeljek-25-junij-cala-luna-la-calleta-27-nm\/la-marmora\/'><img width=\"960\" height=\"504\" src=\"https:\/\/altopo.si\/wp-content\/uploads\/2018\/06\/La-Marmora-1024x538.jpg\" class=\"attachment-large size-large\" alt=\"\" decoding=\"async\" loading=\"lazy\" aria-describedby=\"gallery-1-830\" srcset=\"https:\/\/altopo.si\/wp-content\/uploads\/2018\/06\/La-Marmora-1024x538.jpg 1024w, https:\/\/altopo.si\/wp-content\/uploads\/2018\/06\/La-Marmora-300x158.jpg 300w, https:\/\/altopo.si\/wp-content\/uploads\/2018\/06\/La-Marmora-768x404.jpg 768w\" sizes=\"(max-width: 960px) 100vw, 960px\" \/><\/a>\n\t\t\t<\/dt>\n\t\t\t\t<dd class='wp-caption-text gallery-caption' id='gallery-1-830'>\n\t\t\t\tvzhodna obala Sardinije\n\t\t\t\t<\/dd><\/dl><dl class='gallery-item'>\n\t\t\t<dt class='gallery-icon landscape'>\n\t\t\t\t<a href='https:\/\/altopo.si\/index.php\/2018\/06\/25\/nedelja-24-junij-arbatax-cala-luna-20-nm\/nasedli-oblak\/'><img width=\"960\" height=\"492\" src=\"https:\/\/altopo.si\/wp-content\/uploads\/2018\/06\/nasedli-oblak-1024x525.jpg\" class=\"attachment-large size-large\" alt=\"\" decoding=\"async\" loading=\"lazy\" aria-describedby=\"gallery-1-827\" srcset=\"https:\/\/altopo.si\/wp-content\/uploads\/2018\/06\/nasedli-oblak-1024x525.jpg 1024w, https:\/\/altopo.si\/wp-content\/uploads\/2018\/06\/nasedli-oblak-300x154.jpg 300w, https:\/\/altopo.si\/wp-content\/uploads\/2018\/06\/nasedli-oblak-768x394.jpg 768w\" sizes=\"(max-width: 960px) 100vw, 960px\" \/><\/a>\n\t\t\t<\/dt>\n\t\t\t\t<dd class='wp-caption-text gallery-caption' id='gallery-1-827'>\n\t\t\t\tNasedli oblak napoveduje pri resnej\u0161i de\u017e na najinem jadranju\n\t\t\t\t<\/dd><\/dl><br style=\"clear: both\" \/><dl class='gallery-item'>\n\t\t\t<dt class='gallery-icon landscape'>\n\t\t\t\t<a href='https:\/\/altopo.si\/index.php\/2018\/06\/25\/nedelja-24-junij-arbatax-cala-luna-20-nm\/mavrica-cala-luna-2\/'><img width=\"960\" height=\"464\" src=\"https:\/\/altopo.si\/wp-content\/uploads\/2018\/06\/mavrica-Cala-Luna-1-1024x495.jpg\" class=\"attachment-large size-large\" alt=\"\" decoding=\"async\" loading=\"lazy\" aria-describedby=\"gallery-1-826\" srcset=\"https:\/\/altopo.si\/wp-content\/uploads\/2018\/06\/mavrica-Cala-Luna-1-1024x495.jpg 1024w, https:\/\/altopo.si\/wp-content\/uploads\/2018\/06\/mavrica-Cala-Luna-1-300x145.jpg 300w, https:\/\/altopo.si\/wp-content\/uploads\/2018\/06\/mavrica-Cala-Luna-1-768x371.jpg 768w\" sizes=\"(max-width: 960px) 100vw, 960px\" \/><\/a>\n\t\t\t<\/dt>\n\t\t\t\t<dd class='wp-caption-text gallery-caption' id='gallery-1-826'>\n\t\t\t\toblaki in sonce\n\t\t\t\t<\/dd><\/dl><dl class='gallery-item'>\n\t\t\t<dt class='gallery-icon landscape'>\n\t\t\t\t<a href='https:\/\/altopo.si\/index.php\/2018\/06\/25\/nedelja-24-junij-arbatax-cala-luna-20-nm\/cala-luna-bay-bay\/'><img width=\"960\" height=\"541\" src=\"https:\/\/altopo.si\/wp-content\/uploads\/2018\/06\/cala-luna-bay-bay-1024x577.jpg\" class=\"attachment-large size-large\" alt=\"\" decoding=\"async\" loading=\"lazy\" aria-describedby=\"gallery-1-825\" srcset=\"https:\/\/altopo.si\/wp-content\/uploads\/2018\/06\/cala-luna-bay-bay-1024x577.jpg 1024w, https:\/\/altopo.si\/wp-content\/uploads\/2018\/06\/cala-luna-bay-bay-300x169.jpg 300w, https:\/\/altopo.si\/wp-content\/uploads\/2018\/06\/cala-luna-bay-bay-768x433.jpg 768w\" sizes=\"(max-width: 960px) 100vw, 960px\" \/><\/a>\n\t\t\t<\/dt>\n\t\t\t\t<dd class='wp-caption-text gallery-caption' id='gallery-1-825'>\n\t\t\t\tCala Luna bay bay\n\t\t\t\t<\/dd><\/dl><br style=\"clear: both\" \/><dl class='gallery-item'>\n\t\t\t<dt class='gallery-icon landscape'>\n\t\t\t\t<a href='https:\/\/altopo.si\/index.php\/2018\/06\/25\/nedelja-24-junij-arbatax-cala-luna-20-nm\/cala-gonone\/'><img width=\"960\" height=\"450\" src=\"https:\/\/altopo.si\/wp-content\/uploads\/2018\/06\/cala-gonone-1024x480.jpg\" class=\"attachment-large size-large\" alt=\"\" decoding=\"async\" loading=\"lazy\" aria-describedby=\"gallery-1-824\" srcset=\"https:\/\/altopo.si\/wp-content\/uploads\/2018\/06\/cala-gonone-1024x480.jpg 1024w, https:\/\/altopo.si\/wp-content\/uploads\/2018\/06\/cala-gonone-300x141.jpg 300w, https:\/\/altopo.si\/wp-content\/uploads\/2018\/06\/cala-gonone-768x360.jpg 768w\" sizes=\"(max-width: 960px) 100vw, 960px\" \/><\/a>\n\t\t\t<\/dt>\n\t\t\t\t<dd class='wp-caption-text gallery-caption' id='gallery-1-824'>\n\t\t\t\tCala Gonone je izhodi\u0161\u010dna to\u010dka za \u0161tevilne (tudi slovenske) plezalce\n\t\t\t\t<\/dd><\/dl><dl class='gallery-item'>\n\t\t\t<dt class='gallery-icon landscape'>\n\t\t\t\t<a href='https:\/\/altopo.si\/index.php\/2018\/06\/25\/sobota-23-junij-arbatax\/adrej-skale\/'><img width=\"960\" height=\"923\" src=\"https:\/\/altopo.si\/wp-content\/uploads\/2018\/06\/Adrej-skale-1024x984.jpg\" class=\"attachment-large size-large\" alt=\"\" decoding=\"async\" loading=\"lazy\" aria-describedby=\"gallery-1-820\" srcset=\"https:\/\/altopo.si\/wp-content\/uploads\/2018\/06\/Adrej-skale-1024x984.jpg 1024w, https:\/\/altopo.si\/wp-content\/uploads\/2018\/06\/Adrej-skale-300x288.jpg 300w, https:\/\/altopo.si\/wp-content\/uploads\/2018\/06\/Adrej-skale-768x738.jpg 768w\" sizes=\"(max-width: 960px) 100vw, 960px\" \/><\/a>\n\t\t\t<\/dt>\n\t\t\t\t<dd class='wp-caption-text gallery-caption' id='gallery-1-820'>\n\t\t\t\t\u0160e vedno rad pleza tam, kjer ne bi smel\n\t\t\t\t<\/dd><\/dl><br style=\"clear: both\" \/><dl class='gallery-item'>\n\t\t\t<dt class='gallery-icon landscape'>\n\t\t\t\t<a href='https:\/\/altopo.si\/index.php\/2018\/06\/25\/sobota-23-junij-arbatax\/arbatax-skale-2\/'><img width=\"960\" height=\"609\" src=\"https:\/\/altopo.si\/wp-content\/uploads\/2018\/06\/Arbatax-skale-2-1024x650.jpg\" class=\"attachment-large size-large\" alt=\"\" decoding=\"async\" loading=\"lazy\" aria-describedby=\"gallery-1-819\" srcset=\"https:\/\/altopo.si\/wp-content\/uploads\/2018\/06\/Arbatax-skale-2-1024x650.jpg 1024w, https:\/\/altopo.si\/wp-content\/uploads\/2018\/06\/Arbatax-skale-2-300x190.jpg 300w, https:\/\/altopo.si\/wp-content\/uploads\/2018\/06\/Arbatax-skale-2-768x488.jpg 768w\" sizes=\"(max-width: 960px) 100vw, 960px\" \/><\/a>\n\t\t\t<\/dt>\n\t\t\t\t<dd class='wp-caption-text gallery-caption' id='gallery-1-819'>\n\t\t\t\tZnamenite rde\u010de skale pred vhodom v luko Arbatax\n\t\t\t\t<\/dd><\/dl><dl class='gallery-item'>\n\t\t\t<dt class='gallery-icon portrait'>\n\t\t\t\t<a href='https:\/\/altopo.si\/index.php\/2018\/06\/25\/sobota-23-junij-arbatax\/midva-skale\/'><img width=\"903\" height=\"1024\" src=\"https:\/\/altopo.si\/wp-content\/uploads\/2018\/06\/midva-skale-903x1024.jpg\" class=\"attachment-large size-large\" alt=\"\" decoding=\"async\" loading=\"lazy\" aria-describedby=\"gallery-1-817\" srcset=\"https:\/\/altopo.si\/wp-content\/uploads\/2018\/06\/midva-skale-903x1024.jpg 903w, https:\/\/altopo.si\/wp-content\/uploads\/2018\/06\/midva-skale-265x300.jpg 265w, https:\/\/altopo.si\/wp-content\/uploads\/2018\/06\/midva-skale-768x871.jpg 768w\" sizes=\"(max-width: 903px) 100vw, 903px\" \/><\/a>\n\t\t\t<\/dt>\n\t\t\t\t<dd class='wp-caption-text gallery-caption' id='gallery-1-817'>\n\t\t\t\tDokaz, da va res bila tu..\n\t\t\t\t<\/dd><\/dl><br style=\"clear: both\" \/><dl class='gallery-item'>\n\t\t\t<dt class='gallery-icon landscape'>\n\t\t\t\t<a href='https:\/\/altopo.si\/index.php\/2018\/06\/25\/sobota-23-junij-arbatax\/arbatax-marina\/'><img width=\"960\" height=\"541\" src=\"https:\/\/altopo.si\/wp-content\/uploads\/2018\/06\/Arbatax-marina-1024x577.jpg\" class=\"attachment-large size-large\" alt=\"\" decoding=\"async\" loading=\"lazy\" aria-describedby=\"gallery-1-816\" srcset=\"https:\/\/altopo.si\/wp-content\/uploads\/2018\/06\/Arbatax-marina-1024x577.jpg 1024w, https:\/\/altopo.si\/wp-content\/uploads\/2018\/06\/Arbatax-marina-300x169.jpg 300w, https:\/\/altopo.si\/wp-content\/uploads\/2018\/06\/Arbatax-marina-768x433.jpg 768w\" sizes=\"(max-width: 960px) 100vw, 960px\" \/><\/a>\n\t\t\t<\/dt>\n\t\t\t\t<dd class='wp-caption-text gallery-caption' id='gallery-1-816'>\n\t\t\t\tArbatax\n\t\t\t\t<\/dd><\/dl><dl class='gallery-item'>\n\t\t\t<dt class='gallery-icon portrait'>\n\t\t\t\t<a href='https:\/\/altopo.si\/index.php\/2018\/06\/21\/ponedeljek-18-junij-2018-porto-giunco-sidrisce-pred-porto-corallo-m\/dscn1243\/'><img width=\"674\" height=\"1024\" src=\"https:\/\/altopo.si\/wp-content\/uploads\/2018\/06\/DSCN1243-674x1024.jpg\" class=\"attachment-large size-large\" alt=\"\" decoding=\"async\" loading=\"lazy\" aria-describedby=\"gallery-1-808\" srcset=\"https:\/\/altopo.si\/wp-content\/uploads\/2018\/06\/DSCN1243-674x1024.jpg 674w, https:\/\/altopo.si\/wp-content\/uploads\/2018\/06\/DSCN1243-197x300.jpg 197w, https:\/\/altopo.si\/wp-content\/uploads\/2018\/06\/DSCN1243-768x1167.jpg 768w, https:\/\/altopo.si\/wp-content\/uploads\/2018\/06\/DSCN1243.jpg 1500w\" sizes=\"(max-width: 674px) 100vw, 674px\" \/><\/a>\n\t\t\t<\/dt>\n\t\t\t\t<dd class='wp-caption-text gallery-caption' id='gallery-1-808'>\n\t\t\t\tbarko je bilo potrebno najprej o\u010distiti \u0161koljk\n\t\t\t\t<\/dd><\/dl><br style=\"clear: both\" \/><dl class='gallery-item'>\n\t\t\t<dt class='gallery-icon landscape'>\n\t\t\t\t<a href='https:\/\/altopo.si\/index.php\/2018\/06\/17\/cagliari-villasimius-sobota-16-junij-2018\/dscn1242\/'><img width=\"960\" height=\"541\" src=\"https:\/\/altopo.si\/wp-content\/uploads\/2018\/06\/DSCN1242-1024x577.jpg\" class=\"attachment-large size-large\" alt=\"\" decoding=\"async\" loading=\"lazy\" aria-describedby=\"gallery-1-789\" srcset=\"https:\/\/altopo.si\/wp-content\/uploads\/2018\/06\/DSCN1242-1024x577.jpg 1024w, https:\/\/altopo.si\/wp-content\/uploads\/2018\/06\/DSCN1242-300x169.jpg 300w, https:\/\/altopo.si\/wp-content\/uploads\/2018\/06\/DSCN1242-768x432.jpg 768w\" sizes=\"(max-width: 960px) 100vw, 960px\" \/><\/a>\n\t\t\t<\/dt>\n\t\t\t\t<dd class='wp-caption-text gallery-caption' id='gallery-1-789'>\n\t\t\t\tVilamisius\n\t\t\t\t<\/dd><\/dl><dl class='gallery-item'>\n\t\t\t<dt class='gallery-icon portrait'>\n\t\t\t\t<a href='https:\/\/altopo.si\/index.php\/2018\/06\/17\/priprave-v-cagliariju-14-do-16-junij-2018\/20180614_153752\/'><img width=\"768\" height=\"1024\" src=\"https:\/\/altopo.si\/wp-content\/uploads\/2018\/06\/20180614_153752-768x1024.jpg\" class=\"attachment-large size-large\" alt=\"\" decoding=\"async\" loading=\"lazy\" aria-describedby=\"gallery-1-785\" srcset=\"https:\/\/altopo.si\/wp-content\/uploads\/2018\/06\/20180614_153752-768x1024.jpg 768w, https:\/\/altopo.si\/wp-content\/uploads\/2018\/06\/20180614_153752-225x300.jpg 225w, https:\/\/altopo.si\/wp-content\/uploads\/2018\/06\/20180614_153752.jpg 1000w\" sizes=\"(max-width: 768px) 100vw, 768px\" \/><\/a>\n\t\t\t<\/dt>\n\t\t\t\t<dd class='wp-caption-text gallery-caption' id='gallery-1-785'>\n\t\t\t\tAltopo in njegova mati\u010dna luka\n\t\t\t\t<\/dd><\/dl><br style=\"clear: both\" \/>\n\t\t<\/div>\n\n","protected":false},"excerpt":{"rendered":"","protected":false},"author":1,"featured_media":0,"parent":0,"menu_order":0,"comment_status":"closed","ping_status":"closed","template":"","meta":[],"_links":{"self":[{"href":"https:\/\/altopo.si\/index.php\/wp-json\/wp\/v2\/pages\/15"}],"collection":[{"href":"https:\/\/altopo.si\/index.php\/wp-json\/wp\/v2\/pages"}],"about":[{"href":"https:\/\/altopo.si\/index.php\/wp-json\/wp\/v2\/types\/page"}],"author":[{"embeddable":true,"href":"https:\/\/altopo.si\/index.php\/wp-json\/wp\/v2\/users\/1"}],"replies":[{"embeddable":true,"href":"https:\/\/altopo.si\/index.php\/wp-json\/wp\/v2\/comments?post=15"}],"version-history":[{"count":4,"href":"https:\/\/altopo.si\/index.php\/wp-json\/wp\/v2\/pages\/15\/revisions"}],"predecessor-version":[{"id":1124,"href":"https:\/\/altopo.si\/index.php\/wp-json\/wp\/v2\/pages\/15\/revisions\/1124"}],"wp:attachment":[{"href":"https:\/\/altopo.si\/index.php\/wp-json\/wp\/v2\/media?parent=15"}],"curies":[{"name":"wp","href":"https:\/\/api.w.org\/{rel}","templated":true}]}}